{"id":18814,"date":"2022-03-12T15:56:12","date_gmt":"2022-03-12T15:56:12","guid":{"rendered":"https:\/\/adeoliva.com\/acheter-de-lhuile-dolive\/huile-dolive-picual-olive-oil\/"},"modified":"2025-09-15T11:15:07","modified_gmt":"2025-09-15T11:15:07","slug":"huile-d-olive-picual-espagnol","status":"publish","type":"page","link":"https:\/\/adeoliva.com\/fr\/acheter-de-lhuile-dolive\/huile-d-olive-picual-espagnol\/","title":{"rendered":"Huile d&#8217;olive Picual"},"content":{"rendered":"\t\t<div data-elementor-type=\"wp-page\" data-elementor-id=\"18814\" class=\"elementor elementor-18814 elementor-10692\" data-elementor-post-type=\"page\">\n\t\t\t\t\t\t<section class=\"elementor-section elementor-top-section elementor-element elementor-element-ee3b5dc elementor-section-boxed elementor-section-height-default elementor-section-height-default\" data-id=\"ee3b5dc\" data-element_type=\"section\">\n\t\t\t\t\t\t<div class=\"elementor-container elementor-column-gap-default\">\n\t\t\t\t\t<div class=\"elementor-column elementor-col-100 elementor-top-column elementor-element elementor-element-d00c94a\" data-id=\"d00c94a\" data-element_type=\"column\">\n\t\t\t<div class=\"elementor-widget-wrap elementor-element-populated\">\n\t\t\t\t\t\t<div class=\"elementor-element elementor-element-0418009 elementor-widget elementor-widget-heading\" data-id=\"0418009\" data-element_type=\"widget\" data-widget_type=\"heading.default\">\n\t\t\t\t<div class=\"elementor-widget-container\">\n\t\t\t\t\t<h1 class=\"elementor-heading-title elementor-size-default\">Qu'est-ce que l'huile d'olive picual et \u00e0 quoi sert-elle ?<\/h1>\t\t\t\t<\/div>\n\t\t\t\t<\/div>\n\t\t\t\t\t<\/div>\n\t\t<\/div>\n\t\t\t\t\t<\/div>\n\t\t<\/section>\n\t\t\t\t<section class=\"elementor-section elementor-top-section elementor-element elementor-element-b41a258 elementor-section-stretched elementor-section-boxed elementor-section-height-default elementor-section-height-default\" data-id=\"b41a258\" data-element_type=\"section\" data-settings=\"{&quot;background_background&quot;:&quot;classic&quot;,&quot;stretch_section&quot;:&quot;section-stretched&quot;}\">\n\t\t\t\t\t\t<div class=\"elementor-container elementor-column-gap-no\">\n\t\t\t\t\t<div class=\"elementor-column elementor-col-50 elementor-top-column elementor-element elementor-element-0a5b49c\" data-id=\"0a5b49c\" data-element_type=\"column\">\n\t\t\t<div class=\"elementor-widget-wrap elementor-element-populated\">\n\t\t\t\t\t\t<div class=\"elementor-element elementor-element-a22eea3 elementor-widget elementor-widget-heading\" data-id=\"a22eea3\" data-element_type=\"widget\" data-widget_type=\"heading.default\">\n\t\t\t\t<div class=\"elementor-widget-container\">\n\t\t\t\t\t<h1 class=\"elementor-heading-title elementor-size-default\">HUILE D'OLIVE PICUAL<\/h1>\t\t\t\t<\/div>\n\t\t\t\t<\/div>\n\t\t\t\t<div class=\"elementor-element elementor-element-595f65e elementor-widget elementor-widget-text-editor\" data-id=\"595f65e\" data-element_type=\"widget\" data-widget_type=\"text-editor.default\">\n\t\t\t\t<div class=\"elementor-widget-container\">\n\t\t\t\t\t\t\t\t\t<p>L&#8217;<strong>huile de picual<\/strong> se caract\u00e9rise par son <strong>intensit\u00e9 et ses d\u00e9mangeaisons dans la gorge.<\/strong> Go\u00fbtez nos huiles et profitez du meilleur Picual Huile d&#8217;Olive extra vierge.<\/p><p>Cette vari\u00e9t\u00e9 d&#8217;huile d&#8217;olive provient de la r\u00e9colte d&#8217;olives de la vari\u00e9t\u00e9 picuda.<\/p>\t\t\t\t\t\t\t\t<\/div>\n\t\t\t\t<\/div>\n\t\t\t\t\t<\/div>\n\t\t<\/div>\n\t\t\t\t<div class=\"elementor-column elementor-col-50 elementor-top-column elementor-element elementor-element-b670089\" data-id=\"b670089\" data-element_type=\"column\">\n\t\t\t<div class=\"elementor-widget-wrap elementor-element-populated\">\n\t\t\t\t\t\t<div class=\"elementor-element elementor-element-3f7e43a elementor--h-position-center elementor--v-position-middle elementor-arrows-position-inside elementor-pagination-position-inside elementor-widget elementor-widget-slides\" data-id=\"3f7e43a\" data-element_type=\"widget\" data-settings=\"{&quot;navigation&quot;:&quot;both&quot;,&quot;autoplay&quot;:&quot;yes&quot;,&quot;pause_on_hover&quot;:&quot;yes&quot;,&quot;pause_on_interaction&quot;:&quot;yes&quot;,&quot;autoplay_speed&quot;:5000,&quot;infinite&quot;:&quot;yes&quot;,&quot;transition&quot;:&quot;slide&quot;,&quot;transition_speed&quot;:500}\" data-widget_type=\"slides.default\">\n\t\t\t\t<div class=\"elementor-widget-container\">\n\t\t\t\t\t\t\t\t\t<div class=\"elementor-swiper\">\n\t\t\t\t\t<div class=\"elementor-slides-wrapper elementor-main-swiper swiper\" role=\"region\" aria-roledescription=\"carousel\" aria-label=\"Slides\" dir=\"ltr\" data-animation=\"fadeInUp\">\n\t\t\t\t<div class=\"swiper-wrapper elementor-slides\">\n\t\t\t\t\t\t\t\t\t\t<div class=\"elementor-repeater-item-4ad1920 swiper-slide\" role=\"group\" aria-roledescription=\"slide\"><div class=\"swiper-slide-bg elementor-ken-burns elementor-ken-burns--in\"><\/div><a class=\"swiper-slide-inner\" href=\"https:\/\/adeoliva.com\/fr\/acheter-de-lhuile-dolive\/meilleures-ventes\/\"><div class=\"swiper-slide-contents\"><div class=\"elementor-slide-heading\">Vari\u00e9t\u00e9 d'olive Picuda<\/div><\/div><\/a><\/div><div class=\"elementor-repeater-item-4358ff6 swiper-slide\" role=\"group\" aria-roledescription=\"slide\"><div class=\"swiper-slide-bg elementor-ken-burns elementor-ken-burns--in\"><\/div><a class=\"swiper-slide-inner\" href=\"https:\/\/adeoliva.com\/fr\/acheter-de-lhuile-dolive\/meilleures-ventes\/\"><div class=\"swiper-slide-contents\"><div class=\"elementor-slide-heading\">Huile d'olive extra vierge Picual<\/div><\/div><\/a><\/div>\t\t\t\t<\/div>\n\t\t\t\t\t\t\t\t\t\t\t\t\t\t\t<div class=\"elementor-swiper-button elementor-swiper-button-prev\" role=\"button\" tabindex=\"0\" aria-label=\"Previous slide\">\n\t\t\t\t\t\t\t<i aria-hidden=\"true\" class=\"eicon-chevron-left\"><\/i>\t\t\t\t\t\t<\/div>\n\t\t\t\t\t\t<div class=\"elementor-swiper-button elementor-swiper-button-next\" role=\"button\" tabindex=\"0\" aria-label=\"Next slide\">\n\t\t\t\t\t\t\t<i aria-hidden=\"true\" class=\"eicon-chevron-right\"><\/i>\t\t\t\t\t\t<\/div>\n\t\t\t\t\t\t\t\t\t\t\t\t\t\t\t\t<div class=\"swiper-pagination\"><\/div>\n\t\t\t\t\t\t\t\t\t\t\t\t<\/div>\n\t\t\t\t<\/div>\n\t\t\t\t\t\t\t\t<\/div>\n\t\t\t\t<\/div>\n\t\t\t\t\t<\/div>\n\t\t<\/div>\n\t\t\t\t\t<\/div>\n\t\t<\/section>\n\t\t\t\t<section class=\"elementor-section elementor-top-section elementor-element elementor-element-4bfea3b elementor-section-boxed elementor-section-height-default elementor-section-height-default\" data-id=\"4bfea3b\" data-element_type=\"section\">\n\t\t\t\t\t\t<div class=\"elementor-container elementor-column-gap-default\">\n\t\t\t\t\t<div class=\"elementor-column elementor-col-100 elementor-top-column elementor-element elementor-element-ab6b4af\" data-id=\"ab6b4af\" data-element_type=\"column\">\n\t\t\t<div class=\"elementor-widget-wrap elementor-element-populated\">\n\t\t\t\t\t\t<div class=\"elementor-element elementor-element-3d2c1df elementor-widget elementor-widget-text-editor\" data-id=\"3d2c1df\" data-element_type=\"widget\" data-widget_type=\"text-editor.default\">\n\t\t\t\t<div class=\"elementor-widget-container\">\n\t\t\t\t\t\t\t\t\t<p>Dans cet article, nous allons d\u00e9couvrir les <b>principales r\u00e9gions<\/b> o\u00f9 l&#8217;on trouve ce fruit, ainsi que ses <b>caract\u00e9ristiques morphologiques<\/b>et ses <b>propri\u00e9t\u00e9s<\/b>.<\/p>\t\t\t\t\t\t\t\t<\/div>\n\t\t\t\t<\/div>\n\t\t\t\t<div class=\"elementor-element elementor-element-6268c7a elementor-toc--minimized-on-tablet elementor-widget elementor-widget-table-of-contents\" data-id=\"6268c7a\" data-element_type=\"widget\" data-settings=\"{&quot;headings_by_tags&quot;:[&quot;h3&quot;],&quot;exclude_headings_by_selector&quot;:[],&quot;min_height&quot;:{&quot;unit&quot;:&quot;vh&quot;,&quot;size&quot;:&quot;1&quot;,&quot;sizes&quot;:[]},&quot;no_headings_message&quot;:&quot;No headings were found on this page.&quot;,&quot;marker_view&quot;:&quot;numbers&quot;,&quot;minimize_box&quot;:&quot;yes&quot;,&quot;minimized_on&quot;:&quot;tablet&quot;,&quot;hierarchical_view&quot;:&quot;yes&quot;,&quot;min_height_tablet&quot;:{&quot;unit&quot;:&quot;px&quot;,&quot;size&quot;:&quot;&quot;,&quot;sizes&quot;:[]},&quot;min_height_mobile&quot;:{&quot;unit&quot;:&quot;px&quot;,&quot;size&quot;:&quot;&quot;,&quot;sizes&quot;:[]}}\" data-widget_type=\"table-of-contents.default\">\n\t\t\t\t<div class=\"elementor-widget-container\">\n\t\t\t\t\t\t\t\t\t<div class=\"elementor-toc__header\">\n\t\t\t\t\t\t<h2 class=\"elementor-toc__header-title\">\n\t\t\t\tINDEX\t\t\t<\/h2>\n\t\t\t\t\t\t\t\t\t\t<div class=\"elementor-toc__toggle-button elementor-toc__toggle-button--expand\" role=\"button\" tabindex=\"0\" aria-controls=\"elementor-toc__6268c7a\" aria-expanded=\"true\" aria-label=\"Open table of contents\"><i aria-hidden=\"true\" class=\"fas fa-chevron-down\"><\/i><\/div>\n\t\t\t\t<div class=\"elementor-toc__toggle-button elementor-toc__toggle-button--collapse\" role=\"button\" tabindex=\"0\" aria-controls=\"elementor-toc__6268c7a\" aria-expanded=\"true\" aria-label=\"Close table of contents\"><i aria-hidden=\"true\" class=\"fas fa-chevron-up\"><\/i><\/div>\n\t\t\t\t\t<\/div>\n\t\t\t\t<div id=\"elementor-toc__6268c7a\" class=\"elementor-toc__body\">\n\t\t\t<div class=\"elementor-toc__spinner-container\">\n\t\t\t\t<i class=\"elementor-toc__spinner eicon-animation-spin eicon-loading\" aria-hidden=\"true\"><\/i>\t\t\t<\/div>\n\t\t<\/div>\n\t\t\t\t\t\t<\/div>\n\t\t\t\t<\/div>\n\t\t\t\t<div class=\"elementor-element elementor-element-ad5b826 elementor-widget elementor-widget-heading\" data-id=\"ad5b826\" data-element_type=\"widget\" data-widget_type=\"heading.default\">\n\t\t\t\t<div class=\"elementor-widget-container\">\n\t\t\t\t\t<h3 class=\"elementor-heading-title elementor-size-default\">Lieu de culture de la vari\u00e9t\u00e9 Picual<\/h3>\t\t\t\t<\/div>\n\t\t\t\t<\/div>\n\t\t\t\t<div class=\"elementor-element elementor-element-a6922e1 elementor-widget elementor-widget-text-editor\" data-id=\"a6922e1\" data-element_type=\"widget\" data-widget_type=\"text-editor.default\">\n\t\t\t\t<div class=\"elementor-widget-container\">\n\t\t\t\t\t\t\t\t\t<p>C&#8217;est la vari\u00e9t\u00e9 pr\u00e9dominante dans la province de <strong>Ja\u00e9n,<\/strong> puisqu&#8217;elle occupe 97 % de la superficie des oliveraies. La vari\u00e9t\u00e9 picual domine les oliveraies de Ja\u00e9n, mais elle est \u00e9galement cultiv\u00e9e dans les provinces andalouses de <strong>Grenade, Cordoue et S\u00e9ville<\/strong>. Au total, ce type d&#8217;oliveraie occupe environ 700 000 hectares en Andalousie.<\/p>\t\t\t\t\t\t\t\t<\/div>\n\t\t\t\t<\/div>\n\t\t\t\t<section class=\"elementor-section elementor-inner-section elementor-element elementor-element-76486b4 elementor-section-boxed elementor-section-height-default elementor-section-height-default\" data-id=\"76486b4\" data-element_type=\"section\">\n\t\t\t\t\t\t<div class=\"elementor-container elementor-column-gap-default\">\n\t\t\t\t\t<div class=\"elementor-column elementor-col-50 elementor-inner-column elementor-element elementor-element-1db0b9d\" data-id=\"1db0b9d\" data-element_type=\"column\">\n\t\t\t<div class=\"elementor-widget-wrap elementor-element-populated\">\n\t\t\t\t\t\t<div class=\"elementor-element elementor-element-9e0ad81 elementor-widget elementor-widget-image\" data-id=\"9e0ad81\" data-element_type=\"widget\" data-widget_type=\"image.default\">\n\t\t\t\t<div class=\"elementor-widget-container\">\n\t\t\t\t\t\t\t\t\t\t\t\t\t\t\t<img decoding=\"async\" src=\"https:\/\/img.freepik.com\/fotos-premium\/vista-aerea-campo-campos-plantaciones-olivos-chalkidiki-grecia_441873-687.jpg?w=900\" title=\"\" alt=\"\" loading=\"lazy\">\t\t\t\t\t\t\t\t\t\t\t\t\t\t\t<\/div>\n\t\t\t\t<\/div>\n\t\t\t\t\t<\/div>\n\t\t<\/div>\n\t\t\t\t<div class=\"elementor-column elementor-col-50 elementor-inner-column elementor-element elementor-element-1ebb0ea\" data-id=\"1ebb0ea\" data-element_type=\"column\">\n\t\t\t<div class=\"elementor-widget-wrap elementor-element-populated\">\n\t\t\t\t\t\t<div class=\"elementor-element elementor-element-84445ff elementor-widget elementor-widget-image\" data-id=\"84445ff\" data-element_type=\"widget\" data-widget_type=\"image.default\">\n\t\t\t\t<div class=\"elementor-widget-container\">\n\t\t\t\t\t\t\t\t\t\t\t\t\t\t\t<img decoding=\"async\" src=\"https:\/\/img.freepik.com\/fotos-premium\/cerca-aceitunas-verdes-istria-rama_106485-3876.jpg?w=900\" title=\"\" alt=\"\" loading=\"lazy\">\t\t\t\t\t\t\t\t\t\t\t\t\t\t\t<\/div>\n\t\t\t\t<\/div>\n\t\t\t\t\t<\/div>\n\t\t<\/div>\n\t\t\t\t\t<\/div>\n\t\t<\/section>\n\t\t\t\t<div class=\"elementor-element elementor-element-4bda54b elementor-widget elementor-widget-text-editor\" data-id=\"4bda54b\" data-element_type=\"widget\" data-widget_type=\"text-editor.default\">\n\t\t\t\t<div class=\"elementor-widget-container\">\n\t\t\t\t\t\t\t\t\t<p>C&#8217;est pourquoi elle est l&#8217;une des vari\u00e9t\u00e9s d&#8217;olives <strong>les plus r\u00e9pandues dans notre pays<\/strong> et l&#8217;une des plus connues.<\/p><p>Dans le monde, l&#8217;extension de l&#8217;oliveraie de la vari\u00e9t\u00e9 picual atteint environ 1 000 000 d&#8217;hectares.<\/p>\t\t\t\t\t\t\t\t<\/div>\n\t\t\t\t<\/div>\n\t\t\t\t<div class=\"elementor-element elementor-element-4d7de94 elementor-grid-4 elementor-grid-tablet-3 elementor-grid-mobile-2 elementor-products-grid elementor-wc-products elementor-widget elementor-widget-woocommerce-products\" data-id=\"4d7de94\" data-element_type=\"widget\" data-widget_type=\"woocommerce-products.default\">\n\t\t\t\t<div class=\"elementor-widget-container\">\n\t\t\t\t\t<div class=\"woocommerce columns-4 \"><ul class=\"products elementor-grid columns-4\">\n<li class=\"sales-flash-overlay woocommerce-text-align-center woocommerce-image-align-center do-quantity-buttons product type-product post-23214 status-publish first instock product_cat-traditionnel product_tag-facultatif has-post-thumbnail sale featured taxable shipping-taxable purchasable product-type-simple\">\n\t<a href=\"https:\/\/adeoliva.com\/fr\/huile-dolive-extra-vierge-lara-5l-cooperative-picual-boite-3uds-copia-2\/\" class=\"woocommerce-LoopProduct-link woocommerce-loop-product__link\">\n\t<span class=\"onsale\">Promo\u00a0!<\/span>\n\t<img fetchpriority=\"high\" decoding=\"async\" width=\"300\" height=\"300\" src=\"https:\/\/adeoliva.com\/wp-content\/uploads\/2021\/01\/Aceite-de-Oliva-virgen-extra-convencional-5L-cooperativa-Lara-300x300.jpg\" class=\"attachment-woocommerce_thumbnail size-woocommerce_thumbnail\" alt=\"Aceite de Oliva virgen extra convencional 5L cooperativa Lara\" srcset=\"https:\/\/adeoliva.com\/wp-content\/uploads\/2021\/01\/Aceite-de-Oliva-virgen-extra-convencional-5L-cooperativa-Lara-300x300.jpg 300w, https:\/\/adeoliva.com\/wp-content\/uploads\/2021\/01\/Aceite-de-Oliva-virgen-extra-convencional-5L-cooperativa-Lara-150x150.jpg 150w, https:\/\/adeoliva.com\/wp-content\/uploads\/2021\/01\/Aceite-de-Oliva-virgen-extra-convencional-5L-cooperativa-Lara-100x100.jpg 100w, https:\/\/adeoliva.com\/wp-content\/uploads\/2021\/01\/Aceite-de-Oliva-virgen-extra-convencional-5L-cooperativa-Lara.jpg 529w\" sizes=\"(max-width: 300px) 100vw, 300px\" title=\"\"><h2 class=\"woocommerce-loop-product__title\">Huile d&#8217;Olive Extra Vierge Lara 5L Picual Cooperativa<\/h2>\n\t<span class=\"price\">\t\t<span class=\"tiered-pricing-dynamic-price-wrapper\"\n\t\t\t  data-display-context=\"shop-loop\"\n\t\t\t  data-price-type=\"dynamic\"\n\t\t\t  data-product-id=\"23214\"\n\t\t\t  data-parent-id=\"23214\">\n\t\t\tDesde <span class=\"woocommerce-Price-amount amount\"><bdi>29,95<span class=\"woocommerce-Price-currencySymbol\">&euro;<\/span><\/bdi><\/span> <small class=\"woocommerce-price-suffix\">IVA incluido<\/small><\/span><\/span>\n<\/a><div class=\"woocommerce-loop-product__buttons\"><a href=\"https:\/\/adeoliva.com\/fr\/huile-dolive-extra-vierge-lara-5l-cooperative-picual-boite-3uds-copia-2\/\" aria-describedby=\"woocommerce_loop_add_to_cart_link_describedby_23214\" data-quantity=\"1\" class=\"button product_type_simple add_to_cart_button\" data-product_id=\"23214\" data-product_sku=\"211223213\" aria-label=\"Ajouter au panier\u00a0: &ldquo;Huile d&#039;Olive Extra Vierge Lara 5L Picual Cooperativa&rdquo;\" rel=\"nofollow\" data-success_message=\"\u00ab\u00a0Huile d&#039;Olive Extra Vierge Lara 5L Picual Cooperativa\u00a0\u00bb a \u00e9t\u00e9 ajout\u00e9 \u00e0 votre panier\">Ver Opciones<\/a><\/div>\t<span id=\"woocommerce_loop_add_to_cart_link_describedby_23214\" class=\"screen-reader-text\">\n\t\t\t<\/span>\n<\/li>\n<li class=\"sales-flash-overlay woocommerce-text-align-center woocommerce-image-align-center do-quantity-buttons product type-product post-12337 status-publish instock product_cat-tradicional has-post-thumbnail taxable shipping-taxable purchasable product-type-simple\">\n\t<a href=\"https:\/\/adeoliva.com\/puerta-de-las-villas-tradicional-2l-caja-6un-cooperativa-aove\/\" class=\"woocommerce-LoopProduct-link woocommerce-loop-product__link\"><img decoding=\"async\" width=\"300\" height=\"300\" src=\"https:\/\/adeoliva.com\/wp-content\/uploads\/2022\/09\/AOVE-Puerta-de-las-Villas-2L-300x300.jpg\" class=\"attachment-woocommerce_thumbnail size-woocommerce_thumbnail\" alt=\"AOVE Puerta de las Villas 2L\" srcset=\"https:\/\/adeoliva.com\/wp-content\/uploads\/2022\/09\/AOVE-Puerta-de-las-Villas-2L-300x300.jpg 300w, https:\/\/adeoliva.com\/wp-content\/uploads\/2022\/09\/AOVE-Puerta-de-las-Villas-2L-150x150.jpg 150w, https:\/\/adeoliva.com\/wp-content\/uploads\/2022\/09\/AOVE-Puerta-de-las-Villas-2L-100x100.jpg 100w, https:\/\/adeoliva.com\/wp-content\/uploads\/2022\/09\/AOVE-Puerta-de-las-Villas-2L.jpg 529w\" sizes=\"(max-width: 300px) 100vw, 300px\" title=\"\"><h2 class=\"woocommerce-loop-product__title\">AOVE Puerta de Las Villas 2L Picual (Caja 6Uds)<\/h2>\n\t<span class=\"price\">\t\t<span class=\"tiered-pricing-dynamic-price-wrapper\"\n\t\t\t  data-display-context=\"shop-loop\"\n\t\t\t  data-price-type=\"dynamic\"\n\t\t\t  data-product-id=\"12337\"\n\t\t\t  data-parent-id=\"12337\">\n\t\t\tDesde <span class=\"woocommerce-Price-amount amount\"><bdi>93,50<span class=\"woocommerce-Price-currencySymbol\">&euro;<\/span><\/bdi><\/span> <small class=\"woocommerce-price-suffix\">IVA incluido<\/small><\/span><\/span>\n<\/a><div class=\"woocommerce-loop-product__buttons\"><a href=\"\/fr\/wp-json\/wp\/v2\/pages\/18814?add-to-cart=12337\" aria-describedby=\"woocommerce_loop_add_to_cart_link_describedby_12337\" data-quantity=\"1\" class=\"button product_type_simple add_to_cart_button ajax_add_to_cart\" data-product_id=\"12337\" data-product_sku=\"211212337\" aria-label=\"Ajouter au panier\u00a0: &ldquo;AOVE Puerta de Las Villas 2L Picual (Caja 6Uds)&rdquo;\" rel=\"nofollow\" data-success_message=\"\u00ab\u00a0AOVE Puerta de Las Villas 2L Picual (Caja 6Uds)\u00a0\u00bb a \u00e9t\u00e9 ajout\u00e9 \u00e0 votre panier\" role=\"button\">Ajouter au panier<\/a><\/div>\t<span id=\"woocommerce_loop_add_to_cart_link_describedby_12337\" class=\"screen-reader-text\">\n\t\t\t<\/span>\n<\/li>\n<li class=\"sales-flash-overlay woocommerce-text-align-center woocommerce-image-align-center do-quantity-buttons product type-product post-18951 status-publish instock product_cat-traditionnel has-post-thumbnail featured taxable shipping-taxable purchasable product-type-simple\">\n\t<a href=\"https:\/\/adeoliva.com\/fr\/huile-d-olive-sabioliva-boite-5-litres-cooperative-3uds\/\" class=\"woocommerce-LoopProduct-link woocommerce-loop-product__link\"><img decoding=\"async\" width=\"300\" height=\"300\" src=\"https:\/\/adeoliva.com\/wp-content\/uploads\/2022\/05\/aov-5L-cooperativa-1-300x300.jpg\" class=\"attachment-woocommerce_thumbnail size-woocommerce_thumbnail\" alt=\"aov 5L cooperativa\" srcset=\"https:\/\/adeoliva.com\/wp-content\/uploads\/2022\/05\/aov-5L-cooperativa-1-300x300.jpg 300w, https:\/\/adeoliva.com\/wp-content\/uploads\/2022\/05\/aov-5L-cooperativa-1-150x150.jpg 150w, https:\/\/adeoliva.com\/wp-content\/uploads\/2022\/05\/aov-5L-cooperativa-1-100x100.jpg 100w, https:\/\/adeoliva.com\/wp-content\/uploads\/2022\/05\/aov-5L-cooperativa-1.jpg 529w\" sizes=\"(max-width: 300px) 100vw, 300px\" title=\"\"><h2 class=\"woocommerce-loop-product__title\">Huile d&#8217;olive EXTRA VIRGIN Sabioliva 5L Picual (Box 3Uds)<\/h2>\n\t<span class=\"price\">\t\t<span class=\"tiered-pricing-dynamic-price-wrapper\"\n\t\t\t  data-display-context=\"shop-loop\"\n\t\t\t  data-price-type=\"dynamic\"\n\t\t\t  data-product-id=\"18951\"\n\t\t\t  data-parent-id=\"18951\">\n\t\t\tDesde <span class=\"woocommerce-Price-amount amount\"><bdi>89,50<span class=\"woocommerce-Price-currencySymbol\">&euro;<\/span><\/bdi><\/span> <small class=\"woocommerce-price-suffix\">IVA incluido<\/small><\/span><\/span>\n<\/a><div class=\"woocommerce-loop-product__buttons\"><a href=\"\/fr\/wp-json\/wp\/v2\/pages\/18814?add-to-cart=18951\" aria-describedby=\"woocommerce_loop_add_to_cart_link_describedby_18951\" data-quantity=\"1\" class=\"button product_type_simple add_to_cart_button ajax_add_to_cart\" data-product_id=\"18951\" data-product_sku=\"21126047\" aria-label=\"Ajouter au panier\u00a0: &ldquo;Huile d&#039;olive EXTRA VIRGIN Sabioliva 5L Picual (Box 3Uds)&rdquo;\" rel=\"nofollow\" data-success_message=\"\u00ab\u00a0Huile d&#039;olive EXTRA VIRGIN Sabioliva 5L Picual (Box 3Uds)\u00a0\u00bb a \u00e9t\u00e9 ajout\u00e9 \u00e0 votre panier\" role=\"button\">Ajouter au panier<\/a><\/div>\t<span id=\"woocommerce_loop_add_to_cart_link_describedby_18951\" class=\"screen-reader-text\">\n\t\t\t<\/span>\n<\/li>\n<\/ul>\n<\/div>\t\t\t\t<\/div>\n\t\t\t\t<\/div>\n\t\t\t\t<div class=\"elementor-element elementor-element-d82a41f elementor-widget elementor-widget-heading\" data-id=\"d82a41f\" data-element_type=\"widget\" data-widget_type=\"heading.default\">\n\t\t\t\t<div class=\"elementor-widget-container\">\n\t\t\t\t\t<h3 class=\"elementor-heading-title elementor-size-default\">Caract\u00e9ristiques et morphologie des olives picuales<\/h3>\t\t\t\t<\/div>\n\t\t\t\t<\/div>\n\t\t\t\t<div class=\"elementor-element elementor-element-90d71f8 elementor-widget elementor-widget-text-editor\" data-id=\"90d71f8\" data-element_type=\"widget\" data-widget_type=\"text-editor.default\">\n\t\t\t\t<div class=\"elementor-widget-container\">\n\t\t\t\t\t\t\t\t\t<p>Les caract\u00e9ristiques de l&#8217;olive de la vari\u00e9t\u00e9 picual sont tr\u00e8s diverses :<\/p><ul><li>Quand on parle d&#8217;olive picual, on parle d&#8217;une olive qui doit son nom \u00e0 sa forme de <strong>bec <\/strong>. Une forme tr\u00e8s caract\u00e9ristique qui la diff\u00e9rencie des autres olives.<\/li><li>Quant \u00e0 sa couleur, elle se caract\u00e9rise par un <strong>vert profond et un noir<\/strong>, en fonction de son degr\u00e9 de maturation.<\/li><\/ul>\t\t\t\t\t\t\t\t<\/div>\n\t\t\t\t<\/div>\n\t\t\t\t<div class=\"elementor-element elementor-element-7faf63e elementor-widget elementor-widget-image\" data-id=\"7faf63e\" data-element_type=\"widget\" data-widget_type=\"image.default\">\n\t\t\t\t<div class=\"elementor-widget-container\">\n\t\t\t\t\t\t\t\t\t\t\t\t\t\t\t<img decoding=\"async\" src=\"https:\/\/img.freepik.com\/foto-gratis\/brunch-olivo_1182-1088.jpg?w=900&#038;t=st=1688300046~exp=1688300646~hmac=775deda19633d36ec48f0671ccd81e2b653fbf30b65a2d34668b6ca8752b5727\" title=\"\" alt=\"\" loading=\"lazy\">\t\t\t\t\t\t\t\t\t\t\t\t\t\t\t<\/div>\n\t\t\t\t<\/div>\n\t\t\t\t<div class=\"elementor-element elementor-element-28268f8 elementor-widget elementor-widget-text-editor\" data-id=\"28268f8\" data-element_type=\"widget\" data-widget_type=\"text-editor.default\">\n\t\t\t\t<div class=\"elementor-widget-container\">\n\t\t\t\t\t\t\t\t\t<ul><li><strong>Bonne adaptation<\/strong> \u00e0 tous les types de sols et de climats.<\/li><li>Il arrive t\u00f4t \u00e0 maturit\u00e9, ce qui permet des <strong>r\u00e9coltes tr\u00e8s pr\u00e9coces<\/strong>.<\/li><li><strong>Rendement \u00e9lev\u00e9 en mati\u00e8re grasse<\/strong>, de l&#8217;ordre de 25 % (variable en fonction de la date de r\u00e9colte des fruits).<\/li><\/ul>\t\t\t\t\t\t\t\t<\/div>\n\t\t\t\t<\/div>\n\t\t\t\t<div class=\"elementor-element elementor-element-7856065 elementor-widget elementor-widget-heading\" data-id=\"7856065\" data-element_type=\"widget\" data-widget_type=\"heading.default\">\n\t\t\t\t<div class=\"elementor-widget-container\">\n\t\t\t\t\t<h3 class=\"elementor-heading-title elementor-size-default\">Huile d'olive Picual pr\u00e9coce<\/h3>\t\t\t\t<\/div>\n\t\t\t\t<\/div>\n\t\t\t\t<div class=\"elementor-element elementor-element-aa552c5 elementor-widget elementor-widget-text-editor\" data-id=\"aa552c5\" data-element_type=\"widget\" data-widget_type=\"text-editor.default\">\n\t\t\t\t<div class=\"elementor-widget-container\">\n\t\t\t\t\t\t\t\t\t<p>Apr\u00e8s avoir connu l&#8217;origine, nous continuerons \u00e0 conna\u00eetre l&#8217;<strong>huile d&#8217;olive extra vierge de la vari\u00e9t\u00e9 picual<\/strong>, sans aucun doute l&#8217;une des huiles les plus appr\u00e9ci\u00e9es au monde en raison de sa grande qualit\u00e9.<\/p>\t\t\t\t\t\t\t\t<\/div>\n\t\t\t\t<\/div>\n\t\t\t\t<section class=\"elementor-section elementor-inner-section elementor-element elementor-element-1e2b7c9 elementor-section-boxed elementor-section-height-default elementor-section-height-default\" data-id=\"1e2b7c9\" data-element_type=\"section\">\n\t\t\t\t\t\t<div class=\"elementor-container elementor-column-gap-default\">\n\t\t\t\t\t<div class=\"elementor-column elementor-col-50 elementor-inner-column elementor-element elementor-element-663e8ba\" data-id=\"663e8ba\" data-element_type=\"column\">\n\t\t\t<div class=\"elementor-widget-wrap elementor-element-populated\">\n\t\t\t\t\t\t<div class=\"elementor-element elementor-element-5152705 elementor-widget elementor-widget-text-editor\" data-id=\"5152705\" data-element_type=\"widget\" data-widget_type=\"text-editor.default\">\n\t\t\t\t<div class=\"elementor-widget-container\">\n\t\t\t\t\t\t\t\t\t<p>Il s&#8217;agit d&#8217;un aove qui, gr\u00e2ce \u00e0 la maturation pr\u00e9coce de l&#8217;olive picual, peut \u00eatre <strong>r\u00e9colt\u00e9 t\u00f4t<\/strong>. Le r\u00e9sultat est un authentique jus d&#8217;olive de <strong>teinte verd\u00e2tre au go\u00fbt amer et piquant, dont l&#8217;une des caract\u00e9ristiques les plus remarquables est la l\u00e9g\u00e8re amertume et le piquant en gorge.<\/strong><\/p>\t\t\t\t\t\t\t\t<\/div>\n\t\t\t\t<\/div>\n\t\t\t\t<div class=\"elementor-element elementor-element-78e2fd2 elementor-align-center elementor-widget elementor-widget-button\" data-id=\"78e2fd2\" data-element_type=\"widget\" data-widget_type=\"button.default\">\n\t\t\t\t<div class=\"elementor-widget-container\">\n\t\t\t\t\t\t\t\t\t<div class=\"elementor-button-wrapper\">\n\t\t\t\t\t<a class=\"elementor-button elementor-button-link elementor-size-sm\" href=\"https:\/\/adeoliva.com\/fr\/acheter-de-lhuile-dolive\/primeur\/\" target=\"_blank\">\n\t\t\t\t\t\t<span class=\"elementor-button-content-wrapper\">\n\t\t\t\t\t\t\t\t\t<span class=\"elementor-button-text\">Huile d'Olive extra vierge PRIMEUR<\/span>\n\t\t\t\t\t<\/span>\n\t\t\t\t\t<\/a>\n\t\t\t\t<\/div>\n\t\t\t\t\t\t\t\t<\/div>\n\t\t\t\t<\/div>\n\t\t\t\t\t<\/div>\n\t\t<\/div>\n\t\t\t\t<div class=\"elementor-column elementor-col-50 elementor-inner-column elementor-element elementor-element-8dc1017\" data-id=\"8dc1017\" data-element_type=\"column\">\n\t\t\t<div class=\"elementor-widget-wrap elementor-element-populated\">\n\t\t\t\t\t\t<div class=\"elementor-element elementor-element-e033b67 elementor-widget elementor-widget-image\" data-id=\"e033b67\" data-element_type=\"widget\" data-widget_type=\"image.default\">\n\t\t\t\t<div class=\"elementor-widget-container\">\n\t\t\t\t\t\t\t\t\t\t\t\t\t\t\t<img loading=\"lazy\" decoding=\"async\" width=\"640\" height=\"427\" src=\"https:\/\/adeoliva.com\/wp-content\/uploads\/2020\/06\/olive-oil-3803168_640.jpg\" class=\"attachment-large size-large wp-image-17711\" alt=\"\" srcset=\"https:\/\/adeoliva.com\/wp-content\/uploads\/2020\/06\/olive-oil-3803168_640.jpg 640w, https:\/\/adeoliva.com\/wp-content\/uploads\/2020\/06\/olive-oil-3803168_640-300x200.jpg 300w, https:\/\/adeoliva.com\/wp-content\/uploads\/2020\/06\/olive-oil-3803168_640-600x400.jpg 600w\" sizes=\"(max-width: 640px) 100vw, 640px\" title=\"\">\t\t\t\t\t\t\t\t\t\t\t\t\t\t\t<\/div>\n\t\t\t\t<\/div>\n\t\t\t\t\t<\/div>\n\t\t<\/div>\n\t\t\t\t\t<\/div>\n\t\t<\/section>\n\t\t\t\t<div class=\"elementor-element elementor-element-d15708a elementor-widget elementor-widget-heading\" data-id=\"d15708a\" data-element_type=\"widget\" data-widget_type=\"heading.default\">\n\t\t\t\t<div class=\"elementor-widget-container\">\n\t\t\t\t\t<h3 class=\"elementor-heading-title elementor-size-default\">Caract\u00e9ristiques et propri\u00e9t\u00e9s de l'huile de Picual<\/h3>\t\t\t\t<\/div>\n\t\t\t\t<\/div>\n\t\t\t\t<div class=\"elementor-element elementor-element-130db77 elementor-widget elementor-widget-text-editor\" data-id=\"130db77\" data-element_type=\"widget\" data-widget_type=\"text-editor.default\">\n\t\t\t\t<div class=\"elementor-widget-container\">\n\t\t\t\t\t\t\t\t\t<ul><li>L&#8217;huile d&#8217;olive Picual a une <strong>composition tr\u00e8s stable<\/strong>, ce qui la rend r\u00e9sistante \u00e0 l&#8217;oxydation et \u00e0 la perte de propri\u00e9t\u00e9s.<\/li><li><strong>Forte proportion d&#8217;acide ol\u00e9ique<\/strong>, avec environ 80 % de sa composition. Sup\u00e9rieure aux autres vari\u00e9t\u00e9s d&#8217;huile. Il en r\u00e9sulte une r\u00e9duction du cholest\u00e9rol le plus nocif pour la sant\u00e9 (LDL) et une augmentation du cholest\u00e9rol consid\u00e9r\u00e9 comme &#8220;bon&#8221; (HDL).<\/li><\/ul>\t\t\t\t\t\t\t\t<\/div>\n\t\t\t\t<\/div>\n\t\t\t\t<div class=\"elementor-element elementor-element-d57bc91 elementor-widget elementor-widget-image\" data-id=\"d57bc91\" data-element_type=\"widget\" data-widget_type=\"image.default\">\n\t\t\t\t<div class=\"elementor-widget-container\">\n\t\t\t\t\t\t\t\t\t\t\t\t\t\t\t<img loading=\"lazy\" decoding=\"async\" width=\"640\" height=\"426\" src=\"https:\/\/adeoliva.com\/wp-content\/uploads\/2020\/05\/olive-oil-968657_640.jpg\" class=\"attachment-large size-large wp-image-17601\" alt=\"\" srcset=\"https:\/\/adeoliva.com\/wp-content\/uploads\/2020\/05\/olive-oil-968657_640.jpg 640w, https:\/\/adeoliva.com\/wp-content\/uploads\/2020\/05\/olive-oil-968657_640-300x200.jpg 300w, https:\/\/adeoliva.com\/wp-content\/uploads\/2020\/05\/olive-oil-968657_640-600x399.jpg 600w\" sizes=\"(max-width: 640px) 100vw, 640px\" title=\"\">\t\t\t\t\t\t\t\t\t\t\t\t\t\t\t<\/div>\n\t\t\t\t<\/div>\n\t\t\t\t<div class=\"elementor-element elementor-element-0f6b3b9 elementor-widget elementor-widget-text-editor\" data-id=\"0f6b3b9\" data-element_type=\"widget\" data-widget_type=\"text-editor.default\">\n\t\t\t\t<div class=\"elementor-widget-container\">\n\t\t\t\t\t\t\t\t\t<ul><li><strong>Pr\u00e9sence de <\/strong><a href=\"https:\/\/adeoliva.com\/propiedades-del-aceite-de-oliva-oleocanthal\/\" target=\"_blank\" rel=\"noopener\">\n  <b>haute teneur en polyph\u00e9nols<\/b>\n<\/a> qui contribuent \u00e0 r\u00e9duire l&#8217;oxydation des graisses pr\u00e9sentes dans le sang. Ces deux derni\u00e8res caract\u00e9ristiques en font l&#8217;une des vari\u00e9t\u00e9s d&#8217;<a href=\"https:\/\/adeoliva.com\/el-aceite-de-oliva-mas-saludable-del-mundo-2020\/\" target=\"_blank\" rel=\"noopener\">huile d&#8217;olive les plus saines<\/a>.<\/li><li><strong>Haut niveau de conservation,<\/strong> avec une dur\u00e9e de vie de plus de deux ans.<\/li><li><strong>R\u00e9sistance aux cycles de temp\u00e9rature<\/strong> en cas d&#8217;utilisation pour la friture.<\/li><\/ul>\t\t\t\t\t\t\t\t<\/div>\n\t\t\t\t<\/div>\n\t\t\t\t<div class=\"elementor-element elementor-element-a694292 elementor-widget elementor-widget-heading\" data-id=\"a694292\" data-element_type=\"widget\" data-widget_type=\"heading.default\">\n\t\t\t\t<div class=\"elementor-widget-container\">\n\t\t\t\t\t<h3 class=\"elementor-heading-title elementor-size-default\">Utilisations gastronomiques de l'huile Picual dans la cuisine<\/h3>\t\t\t\t<\/div>\n\t\t\t\t<\/div>\n\t\t\t\t<div class=\"elementor-element elementor-element-97470a7 elementor-widget elementor-widget-text-editor\" data-id=\"97470a7\" data-element_type=\"widget\" data-widget_type=\"text-editor.default\">\n\t\t\t\t<div class=\"elementor-widget-container\">\n\t\t\t\t\t\t\t\t\t<p>Tout d&#8217;abord, nous allons analyser les <strong>sensations olfactives et gustatives<\/strong> que l&#8217;huile d&#8217;olive vierge extra de la vari\u00e9t\u00e9 picual nous laisse \u00e0 la <strong>d\u00e9gustation<\/strong>.<\/p><p>Il est puissant <strong>en bouche<\/strong>, avec une forte <strong>amertume<\/strong> et un <strong>caract\u00e8re \u00e9pic\u00e9<\/strong>, qui est plus accentu\u00e9 dans les huiles de r\u00e9colte pr\u00e9coce.<\/p><p>Pour conclure ce point, nous allons \u00e9num\u00e9rer quelques-uns des <strong>accords<\/strong> dans lesquels l&#8217;huile d&#8217;olive picual se <strong>marie parfaitement<\/strong>:<\/p>\t\t\t\t\t\t\t\t<\/div>\n\t\t\t\t<\/div>\n\t\t\t\t<section class=\"elementor-section elementor-inner-section elementor-element elementor-element-4e854cf elementor-section-boxed elementor-section-height-default elementor-section-height-default\" data-id=\"4e854cf\" data-element_type=\"section\">\n\t\t\t\t\t\t<div class=\"elementor-container elementor-column-gap-default\">\n\t\t\t\t\t<div class=\"elementor-column elementor-col-50 elementor-inner-column elementor-element elementor-element-bd4b24c\" data-id=\"bd4b24c\" data-element_type=\"column\">\n\t\t\t<div class=\"elementor-widget-wrap elementor-element-populated\">\n\t\t\t\t\t\t<div class=\"elementor-element elementor-element-bb44fa9 elementor-widget elementor-widget-text-editor\" data-id=\"bb44fa9\" data-element_type=\"widget\" data-widget_type=\"text-editor.default\">\n\t\t\t\t<div class=\"elementor-widget-container\">\n\t\t\t\t\t\t\t\t\t<ul><li>Un bon <span style=\"text-decoration: underline; color: #808000;\">\n  <strong>\n    <a style=\"color: #808000; text-decoration: underline;\" href=\"https:\/\/adeoliva.com\/4-consejos-sobre-desayunar-tostadas-de-pan-tradicional-con-aceite-de-oliva\/\" target=\"_blank\" rel=\"noopener\">toast \u00e0 l&#8217;huile d&#8217;olive<\/a>\n  <\/strong>\n<\/span>accompagn\u00e9 de tomate naturelle concass\u00e9e. Une fa\u00e7on d\u00e9licieuse de commencer la journ\u00e9e.<\/li><li>En tant que <strong>\n  <span style=\"color: #808000;\">\n    <a style=\"color: #808000;\" href=\"https:\/\/adeoliva.com\/el-aceite-de-oliva-para-cocinar-y-alinar\/\" target=\"_blank\" rel=\"noopener\">\n      <span style=\"text-decoration: underline;\">vinaigrette pour diverses salades<\/span>\n    <\/a>\n  <\/span>\n<\/strong>. Id\u00e9al pour tous les types de r\u00e9gimes alimentaires sains.<\/li><li>Gr\u00e2ce \u00e0 sa r\u00e9sistance \u00e0 la temp\u00e9rature, il est id\u00e9al pour la friture et la p\u00e2te \u00e0 frire. <span style=\"text-decoration: underline;\">\n  <strong>\n    <span style=\"color: #808000;\">\n      <a style=\"color: #808000; text-decoration: underline;\" href=\"https:\/\/adeoliva.com\/freir-con-aceite-de-oliva\/\" target=\"_blank\" rel=\"noopener\">la friture et la p\u00e2te \u00e0 frire<\/a>\n    <\/span>\n  <\/strong>\n<\/span>.<\/li><li>Parfait <span style=\"text-decoration: underline; color: #808000;\">\n  <strong>\n    <a style=\"color: #808000; text-decoration: underline;\" href=\"https:\/\/adeoliva.com\/tomates-confitados-aceite-de-oliva-conserva\/\" target=\"_blank\" rel=\"noopener\">conservateur naturel<\/a>\n  <\/strong>\n<\/span> pour les viandes, les fromages et les conserves. Un mariage spectaculaire lorsqu&#8217;il s&#8217;agit de consommer ces conserves par la suite.<\/li><\/ul>\t\t\t\t\t\t\t\t<\/div>\n\t\t\t\t<\/div>\n\t\t\t\t\t<\/div>\n\t\t<\/div>\n\t\t\t\t<div class=\"elementor-column elementor-col-50 elementor-inner-column elementor-element elementor-element-de74bbb\" data-id=\"de74bbb\" data-element_type=\"column\">\n\t\t\t<div class=\"elementor-widget-wrap elementor-element-populated\">\n\t\t\t\t\t\t<div class=\"elementor-element elementor-element-03c74ac elementor-widget elementor-widget-image\" data-id=\"03c74ac\" data-element_type=\"widget\" data-widget_type=\"image.default\">\n\t\t\t\t<div class=\"elementor-widget-container\">\n\t\t\t\t\t\t\t\t\t\t\t\t\t\t\t<img loading=\"lazy\" decoding=\"async\" width=\"768\" height=\"1024\" src=\"https:\/\/adeoliva.com\/wp-content\/uploads\/2020\/06\/tostada-aove-tomate-jamon-768x1024.jpeg\" class=\"attachment-large size-large wp-image-17718\" alt=\"\" srcset=\"https:\/\/adeoliva.com\/wp-content\/uploads\/2020\/06\/tostada-aove-tomate-jamon-768x1024.jpeg 768w, https:\/\/adeoliva.com\/wp-content\/uploads\/2020\/06\/tostada-aove-tomate-jamon-225x300.jpeg 225w, https:\/\/adeoliva.com\/wp-content\/uploads\/2020\/06\/tostada-aove-tomate-jamon-1152x1536.jpeg 1152w, https:\/\/adeoliva.com\/wp-content\/uploads\/2020\/06\/tostada-aove-tomate-jamon-600x800.jpeg 600w, https:\/\/adeoliva.com\/wp-content\/uploads\/2020\/06\/tostada-aove-tomate-jamon.jpeg 1200w\" sizes=\"(max-width: 768px) 100vw, 768px\" title=\"\">\t\t\t\t\t\t\t\t\t\t\t\t\t\t\t<\/div>\n\t\t\t\t<\/div>\n\t\t\t\t\t<\/div>\n\t\t<\/div>\n\t\t\t\t\t<\/div>\n\t\t<\/section>\n\t\t\t\t\t<\/div>\n\t\t<\/div>\n\t\t\t\t\t<\/div>\n\t\t<\/section>\n\t\t\t\t<section class=\"elementor-section elementor-top-section elementor-element elementor-element-79f0d44 elementor-section-boxed elementor-section-height-default elementor-section-height-default\" data-id=\"79f0d44\" data-element_type=\"section\">\n\t\t\t\t\t\t<div class=\"elementor-container elementor-column-gap-default\">\n\t\t\t\t\t<div class=\"elementor-column elementor-col-100 elementor-top-column elementor-element elementor-element-bc78728\" data-id=\"bc78728\" data-element_type=\"column\">\n\t\t\t<div class=\"elementor-widget-wrap elementor-element-populated\">\n\t\t\t\t\t\t<div class=\"elementor-element elementor-element-d33457c elementor-product-loop-item--align-center elementor-grid-4 elementor-grid-tablet-3 elementor-grid-mobile-2 elementor-products-grid elementor-wc-products elementor-widget elementor-widget-woocommerce-products\" data-id=\"d33457c\" data-element_type=\"widget\" data-widget_type=\"woocommerce-products.default\">\n\t\t\t\t<div class=\"elementor-widget-container\">\n\t\t\t\t\t<div class=\"woocommerce columns-4 \"><ul class=\"products elementor-grid columns-4\">\n<li class=\"sales-flash-overlay woocommerce-text-align-center woocommerce-image-align-center do-quantity-buttons product type-product post-18930 status-publish first instock product_cat-traditionnel has-post-thumbnail featured taxable shipping-taxable purchasable product-type-simple\">\n\t<a href=\"https:\/\/adeoliva.com\/fr\/olive-olive-vierge-sabioliva-traditionnelle-huile-dolive-boite-3-uds-5l-co-operative\/\" class=\"woocommerce-LoopProduct-link woocommerce-loop-product__link\"><img decoding=\"async\" width=\"300\" height=\"300\" src=\"https:\/\/adeoliva.com\/wp-content\/uploads\/2022\/05\/aov-5L-cooperativa-1-300x300.jpg\" class=\"attachment-woocommerce_thumbnail size-woocommerce_thumbnail\" alt=\"aov 5L cooperativa\" srcset=\"https:\/\/adeoliva.com\/wp-content\/uploads\/2022\/05\/aov-5L-cooperativa-1-300x300.jpg 300w, https:\/\/adeoliva.com\/wp-content\/uploads\/2022\/05\/aov-5L-cooperativa-1-150x150.jpg 150w, https:\/\/adeoliva.com\/wp-content\/uploads\/2022\/05\/aov-5L-cooperativa-1-100x100.jpg 100w, https:\/\/adeoliva.com\/wp-content\/uploads\/2022\/05\/aov-5L-cooperativa-1.jpg 529w\" sizes=\"(max-width: 300px) 100vw, 300px\" title=\"\"><h2 class=\"woocommerce-loop-product__title\">Huile d&#8217;olive VIRGEN Sabioliva 5L Picual (Bo\u00eete 3Uds)<\/h2>\n\t<span class=\"price\">\t\t<span class=\"tiered-pricing-dynamic-price-wrapper\"\n\t\t\t  data-display-context=\"shop-loop\"\n\t\t\t  data-price-type=\"dynamic\"\n\t\t\t  data-product-id=\"18930\"\n\t\t\t  data-parent-id=\"18930\">\n\t\t\tDesde <span class=\"woocommerce-Price-amount amount\"><bdi>88,00<span class=\"woocommerce-Price-currencySymbol\">&euro;<\/span><\/bdi><\/span> <small class=\"woocommerce-price-suffix\">IVA incluido<\/small><\/span><\/span>\n<\/a><div class=\"woocommerce-loop-product__buttons\"><a href=\"\/fr\/wp-json\/wp\/v2\/pages\/18814?add-to-cart=18930\" aria-describedby=\"woocommerce_loop_add_to_cart_link_describedby_18930\" data-quantity=\"1\" class=\"button product_type_simple add_to_cart_button ajax_add_to_cart\" data-product_id=\"18930\" data-product_sku=\"211211216\" aria-label=\"Ajouter au panier\u00a0: &ldquo;Huile d&#039;olive VIRGEN Sabioliva 5L Picual (Bo\u00eete 3Uds)&rdquo;\" rel=\"nofollow\" data-success_message=\"\u00ab\u00a0Huile d&#039;olive VIRGEN Sabioliva 5L Picual (Bo\u00eete 3Uds)\u00a0\u00bb a \u00e9t\u00e9 ajout\u00e9 \u00e0 votre panier\" role=\"button\">Ajouter au panier<\/a><\/div>\t<span id=\"woocommerce_loop_add_to_cart_link_describedby_18930\" class=\"screen-reader-text\">\n\t\t\t<\/span>\n<\/li>\n<li class=\"sales-flash-overlay woocommerce-text-align-center woocommerce-image-align-center do-quantity-buttons product type-product post-18934 status-publish instock product_cat-traditionnel has-post-thumbnail taxable shipping-taxable purchasable product-type-simple\">\n\t<a href=\"https:\/\/adeoliva.com\/fr\/huile-d-olive-vierge-olivar-centenario-5-litres-cooperative-3uds-espagne\/\" class=\"woocommerce-LoopProduct-link woocommerce-loop-product__link\"><img loading=\"lazy\" decoding=\"async\" width=\"300\" height=\"300\" src=\"https:\/\/adeoliva.com\/wp-content\/uploads\/2022\/01\/AOV-cooperativa-oleocampo-5l-300x300.jpg\" class=\"attachment-woocommerce_thumbnail size-woocommerce_thumbnail\" alt=\"Aceite de Oliva Virgen Oleocampo 5L\" srcset=\"https:\/\/adeoliva.com\/wp-content\/uploads\/2022\/01\/AOV-cooperativa-oleocampo-5l-300x300.jpg 300w, https:\/\/adeoliva.com\/wp-content\/uploads\/2022\/01\/AOV-cooperativa-oleocampo-5l-150x150.jpg 150w, https:\/\/adeoliva.com\/wp-content\/uploads\/2022\/01\/AOV-cooperativa-oleocampo-5l-100x100.jpg 100w, https:\/\/adeoliva.com\/wp-content\/uploads\/2022\/01\/AOV-cooperativa-oleocampo-5l.jpg 529w\" sizes=\"(max-width: 300px) 100vw, 300px\" title=\"\"><h2 class=\"woocommerce-loop-product__title\">Huile d&#8217;Olive VIERGE Olivar Centenario 5L Cooperative Picual (Bo\u00eete 3Uds)<\/h2>\n\t<span class=\"price\">\t\t<span class=\"tiered-pricing-dynamic-price-wrapper\"\n\t\t\t  data-display-context=\"shop-loop\"\n\t\t\t  data-price-type=\"dynamic\"\n\t\t\t  data-product-id=\"18934\"\n\t\t\t  data-parent-id=\"18934\">\n\t\t\tDesde <span class=\"woocommerce-Price-amount amount\"><bdi>85,90<span class=\"woocommerce-Price-currencySymbol\">&euro;<\/span><\/bdi><\/span> <small class=\"woocommerce-price-suffix\">IVA incluido<\/small><\/span><\/span>\n<\/a><div class=\"woocommerce-loop-product__buttons\"><a href=\"\/fr\/wp-json\/wp\/v2\/pages\/18814?add-to-cart=18934\" aria-describedby=\"woocommerce_loop_add_to_cart_link_describedby_18934\" data-quantity=\"1\" class=\"button product_type_simple add_to_cart_button ajax_add_to_cart\" data-product_id=\"18934\" data-product_sku=\"21129953\" aria-label=\"Ajouter au panier\u00a0: &ldquo;Huile d&#039;Olive VIERGE Olivar Centenario 5L Cooperative Picual (Bo\u00eete 3Uds)&rdquo;\" rel=\"nofollow\" data-success_message=\"\u00ab\u00a0Huile d&#039;Olive VIERGE Olivar Centenario 5L Cooperative Picual (Bo\u00eete 3Uds)\u00a0\u00bb a \u00e9t\u00e9 ajout\u00e9 \u00e0 votre panier\" role=\"button\">Ajouter au panier<\/a><\/div>\t<span id=\"woocommerce_loop_add_to_cart_link_describedby_18934\" class=\"screen-reader-text\">\n\t\t\t<\/span>\n<\/li>\n<li class=\"sales-flash-overlay woocommerce-text-align-center woocommerce-image-align-center do-quantity-buttons product type-product post-18763 status-publish instock product_cat-traditionnel product_tag-facultatif has-post-thumbnail taxable shipping-taxable purchasable product-type-simple\">\n\t<a href=\"https:\/\/adeoliva.com\/fr\/huile-d-olive-extra-vierge-boite-3-pet-5l-lara\/\" class=\"woocommerce-LoopProduct-link woocommerce-loop-product__link\"><img loading=\"lazy\" decoding=\"async\" width=\"300\" height=\"300\" src=\"https:\/\/adeoliva.com\/wp-content\/uploads\/2021\/01\/Aceite-de-Oliva-virgen-extra-convencional-5L-cooperativa-Lara-1-300x300.jpg\" class=\"attachment-woocommerce_thumbnail size-woocommerce_thumbnail\" alt=\"Aceite de Oliva virgen extra convencional 5L cooperativa Lara\" srcset=\"https:\/\/adeoliva.com\/wp-content\/uploads\/2021\/01\/Aceite-de-Oliva-virgen-extra-convencional-5L-cooperativa-Lara-1-300x300.jpg 300w, https:\/\/adeoliva.com\/wp-content\/uploads\/2021\/01\/Aceite-de-Oliva-virgen-extra-convencional-5L-cooperativa-Lara-1-150x150.jpg 150w, https:\/\/adeoliva.com\/wp-content\/uploads\/2021\/01\/Aceite-de-Oliva-virgen-extra-convencional-5L-cooperativa-Lara-1-100x100.jpg 100w, https:\/\/adeoliva.com\/wp-content\/uploads\/2021\/01\/Aceite-de-Oliva-virgen-extra-convencional-5L-cooperativa-Lara-1.jpg 529w\" sizes=\"(max-width: 300px) 100vw, 300px\" title=\"\"><h2 class=\"woocommerce-loop-product__title\">Huile d&#8217;Olive Lara 5L Picual (Bo\u00eete 3 unit\u00e9s)<\/h2>\n\t<span class=\"price\">\t\t<span class=\"tiered-pricing-dynamic-price-wrapper\"\n\t\t\t  data-display-context=\"shop-loop\"\n\t\t\t  data-price-type=\"dynamic\"\n\t\t\t  data-product-id=\"18763\"\n\t\t\t  data-parent-id=\"18763\">\n\t\t\tDesde <span class=\"woocommerce-Price-amount amount\"><bdi>79,90<span class=\"woocommerce-Price-currencySymbol\">&euro;<\/span><\/bdi><\/span> <small class=\"woocommerce-price-suffix\">IVA incluido<\/small><\/span><\/span>\n<\/a><div class=\"woocommerce-loop-product__buttons\"><a href=\"https:\/\/adeoliva.com\/fr\/huile-d-olive-extra-vierge-boite-3-pet-5l-lara\/\" aria-describedby=\"woocommerce_loop_add_to_cart_link_describedby_18763\" data-quantity=\"1\" class=\"button product_type_simple add_to_cart_button\" data-product_id=\"18763\" data-product_sku=\"21125605\" aria-label=\"Ajouter au panier\u00a0: &ldquo;Huile d&#039;Olive Lara 5L Picual (Bo\u00eete 3 unit\u00e9s)&rdquo;\" rel=\"nofollow\" data-success_message=\"\u00ab\u00a0Huile d&#039;Olive Lara 5L Picual (Bo\u00eete 3 unit\u00e9s)\u00a0\u00bb a \u00e9t\u00e9 ajout\u00e9 \u00e0 votre panier\">Ver Opciones<\/a><\/div>\t<span id=\"woocommerce_loop_add_to_cart_link_describedby_18763\" class=\"screen-reader-text\">\n\t\t\t<\/span>\n<\/li>\n<\/ul>\n<\/div>\t\t\t\t<\/div>\n\t\t\t\t<\/div>\n\t\t\t\t<div class=\"elementor-element elementor-element-8c7cc45 elementor-widget-divider--view-line elementor-widget elementor-widget-divider\" data-id=\"8c7cc45\" data-element_type=\"widget\" data-widget_type=\"divider.default\">\n\t\t\t\t<div class=\"elementor-widget-container\">\n\t\t\t\t\t\t\t<div class=\"elementor-divider\">\n\t\t\t<span class=\"elementor-divider-separator\">\n\t\t\t\t\t\t<\/span>\n\t\t<\/div>\n\t\t\t\t\t\t<\/div>\n\t\t\t\t<\/div>\n\t\t\t\t<div class=\"elementor-element elementor-element-c964d81 elementor-widget elementor-widget-heading\" data-id=\"c964d81\" data-element_type=\"widget\" data-widget_type=\"heading.default\">\n\t\t\t\t<div class=\"elementor-widget-container\">\n\t\t\t\t\t<h3 class=\"elementor-heading-title elementor-size-default\">\u00c0 quoi sert l'huile de picual ?<\/h3>\t\t\t\t<\/div>\n\t\t\t\t<\/div>\n\t\t\t\t<div class=\"elementor-element elementor-element-85c5d7e elementor-widget elementor-widget-text-editor\" data-id=\"85c5d7e\" data-element_type=\"widget\" data-widget_type=\"text-editor.default\">\n\t\t\t\t<div class=\"elementor-widget-container\">\n\t\t\t\t\t\t\t\t\t<p style=\"text-align: center\">L&#8217;huile d&#8217;olive Picual peut \u00eatre utilis\u00e9e pour diff\u00e9rentes applications en raison de la saveur am\u00e8re, intense et fruit\u00e9e que ce type d&#8217;olive apporte. <span style=\"font-family: var( --e-global-typography-text-font-family ), helv\u00e9tica;font-weight: var( --e-global-typography-text-font-weight )\">Les principales utilisations sont les <\/span><b style=\"font-family: var( --e-global-typography-text-font-family ), helv\u00e9tica\">salades, les p\u00e2tes \u00e0 frire, les fritures, les mac\u00e9rations, les rago\u00fbts et les conserves<\/b>.<span style=\"font-family: var( --e-global-typography-text-font-family ), helv\u00e9tica;font-weight: var( --e-global-typography-text-font-weight )\">. C&#8217;est une huile cors\u00e9e id\u00e9ale pour les amateurs d&#8217;Huile d&#8217;Olive extra vierge. <\/span><b style=\"font-family: var( --e-global-typography-text-font-family ), helv\u00e9tica\">brut<\/b><span style=\"font-family: var( --e-global-typography-text-font-family ), helv\u00e9tica;font-weight: var( --e-global-typography-text-font-weight )\">.<\/span><\/p>\t\t\t\t\t\t\t\t<\/div>\n\t\t\t\t<\/div>\n\t\t\t\t<div class=\"elementor-element elementor-element-8e42af9 elementor-widget elementor-widget-heading\" data-id=\"8e42af9\" data-element_type=\"widget\" data-widget_type=\"heading.default\">\n\t\t\t\t<div class=\"elementor-widget-container\">\n\t\t\t\t\t<h3 class=\"elementor-heading-title elementor-size-default\">Vous cherchez \u00e0 acheter de l'huile d'olive extra vierge picual ?<\/h3>\t\t\t\t<\/div>\n\t\t\t\t<\/div>\n\t\t\t\t<div class=\"elementor-element elementor-element-122a1dc elementor-widget elementor-widget-text-editor\" data-id=\"122a1dc\" data-element_type=\"widget\" data-widget_type=\"text-editor.default\">\n\t\t\t\t<div class=\"elementor-widget-container\">\n\t\t\t\t\t\t\t\t\t<p style=\"text-align: center\">Si vous avez besoin d&#8217;acheter de l&#8217;huile d&#8217;olive extra vierge picual, nous sommes votre magasin. Nous vous proposons des dizaines d&#8217;options afin que vous puissiez choisir l&#8217;huile d&#8217;olive picual qui vous convient le mieux. <span style=\"font-family: var( --e-global-typography-text-font-family ), helv\u00e9tica;font-weight: var( --e-global-typography-text-font-weight )\">Nous avons de l&#8217;<\/span>huile d&#8217;olive<b style=\"font-family: var( --e-global-typography-text-font-family ), helv\u00e9tica\">picual traditionnelle (m\u00fbrie) ou de l&#8217;huile d&#8217;olive de r\u00e9colte pr\u00e9coce<\/b>.<span style=\"font-family: var( --e-global-typography-text-font-family ), helv\u00e9tica;font-weight: var( --e-global-typography-text-font-weight )\">  pour ceux qui veulent profiter d&#8217;une huile verte picual de qualit\u00e9 sup\u00e9rieure. Consultez notre catalogue !<\/span><\/p>\t\t\t\t\t\t\t\t<\/div>\n\t\t\t\t<\/div>\n\t\t\t\t<div class=\"elementor-element elementor-element-fb588ac elementor-widget elementor-widget-heading\" data-id=\"fb588ac\" data-element_type=\"widget\" data-widget_type=\"heading.default\">\n\t\t\t\t<div class=\"elementor-widget-container\">\n\t\t\t\t\t<h3 class=\"elementor-heading-title elementor-size-default\">Quelle huile choisir : arbequina ou picual ?<\/h3>\t\t\t\t<\/div>\n\t\t\t\t<\/div>\n\t\t\t\t<div class=\"elementor-element elementor-element-9d4a98e elementor-widget elementor-widget-text-editor\" data-id=\"9d4a98e\" data-element_type=\"widget\" data-widget_type=\"text-editor.default\">\n\t\t\t\t<div class=\"elementor-widget-container\">\n\t\t\t\t\t\t\t\t\t<p style=\"text-align: center\">Il existe une diff\u00e9rence notable entre l&#8217;huile d&#8217;olive arbequina et l&#8217;huile d&#8217;olive picual. <span style=\"font-family: var( --e-global-typography-text-font-family ), helv\u00e9tica;font-weight: var( --e-global-typography-text-font-weight )\">En r\u00e9sum\u00e9, nous utiliserons l&#8217;huile d&#8217;olive <\/span><span style=\"font-family: var( --e-global-typography-text-font-family ), helv\u00e9tica\">\n  <b>huile d&#8217;olive picual<\/b>\n<\/span><span style=\"font-family: var( --e-global-typography-text-font-family ), helv\u00e9tica;font-weight: var( --e-global-typography-text-font-weight )\"> lorsque nous cherchons \u00e0 mettre en valeur les caract\u00e9ristiques d&#8217;intensit\u00e9 et de corps de l&#8217;huile dans nos plats. <\/span><span style=\"font-family: var( --e-global-typography-text-font-family ), helv\u00e9tica\">\n  <b>d&#8217;intensit\u00e9 et de corps de l&#8217;huile dans nos plats<\/b>\n<\/span><span style=\"font-family: var( --e-global-typography-text-font-family ), helv\u00e9tica;font-weight: var( --e-global-typography-text-font-weight )\">. <\/span> <\/p><p style=\"text-align: center\">En revanche, l&#8217;<b>huile d&#8217;olive arbequina<\/b> est recommand\u00e9e pour les pr\u00e9parations <strong>o\u00f9 la pr\u00e9sence d&#8217;huile n&#8217;est pas dominante<\/strong>. Elle est largement utilis\u00e9e en confiserie ou dans la pr\u00e9paration de sauces et de marinades en raison de ses <b>ar\u00f4mes doux<\/b> par rapport \u00e0 l&#8217;intensit\u00e9 de la saveur de l&#8217;huile de picual.  <\/p>\t\t\t\t\t\t\t\t<\/div>\n\t\t\t\t<\/div>\n\t\t\t\t<div class=\"elementor-element elementor-element-39742ae elementor-widget elementor-widget-heading\" data-id=\"39742ae\" data-element_type=\"widget\" data-widget_type=\"heading.default\">\n\t\t\t\t<div class=\"elementor-widget-container\">\n\t\t\t\t\t<h3 class=\"elementor-heading-title elementor-size-default\">Quelles sont les caract\u00e9ristiques organoleptiques de l'huile d'olive Picual ?<\/h3>\t\t\t\t<\/div>\n\t\t\t\t<\/div>\n\t\t\t\t<div class=\"elementor-element elementor-element-7b56f58 elementor-widget elementor-widget-text-editor\" data-id=\"7b56f58\" data-element_type=\"widget\" data-widget_type=\"text-editor.default\">\n\t\t\t\t<div class=\"elementor-widget-container\">\n\t\t\t\t\t\t\t\t\t<p style=\"text-align: center\">Ses caract\u00e9ristiques <strong>d\u00e9pendent du point de maturation de<\/strong> l&#8217;olive picual.  <\/p><p style=\"text-align: center\">Une <strong>huile de picual m\u00fbr<\/strong> avec des ar\u00f4mes de tomate m\u00fbre et de figue au nez. En revanche, l&#8217;<b>huile picual pr\u00e9coce<\/b> est domin\u00e9e par l&#8217;odeur d&#8217;herbe avec des ar\u00f4mes de feuilles d&#8217;olivier, d&#8217;herbes et de plants de tomates. En bouche, les ar\u00f4mes d&#8217;amande am\u00e8re, d&#8217;artichaut, de peau de banane verte et de haricot vert se distinguent.  <\/p>\t\t\t\t\t\t\t\t<\/div>\n\t\t\t\t<\/div>\n\t\t\t\t\t<\/div>\n\t\t<\/div>\n\t\t\t\t\t<\/div>\n\t\t<\/section>\n\t\t\t\t<\/div>\n\t\t","protected":false},"excerpt":{"rendered":"<p>Qu&#8217;est-ce que l&#8217;huile d&#8217;olive picual et \u00e0 quoi sert-elle ? HUILE D&#8217;OLIVE PICUAL L&#8217;huile de picual se caract\u00e9rise par son intensit\u00e9 et ses d\u00e9mangeaisons dans la gorge. Go\u00fbtez nos huiles et profitez du meilleur Picual Huile d&#8217;Olive extra vierge. Cette vari\u00e9t\u00e9 d&#8217;huile d&#8217;olive provient de la r\u00e9colte d&#8217;olives de la vari\u00e9t\u00e9 picuda. Vari\u00e9t\u00e9 d&#8217;olive PicudaHuile &#8230; <a title=\"Huile d&#8217;olive Picual\" class=\"read-more\" href=\"https:\/\/adeoliva.com\/fr\/acheter-de-lhuile-dolive\/huile-d-olive-picual-espagnol\/\" aria-label=\"En savoir plus sur Huile d&#8217;olive Picual\">Lire la suite<\/a><\/p>\n","protected":false},"author":1,"featured_media":17712,"parent":18764,"menu_order":0,"comment_status":"closed","ping_status":"closed","template":"","meta":{"rank_math_lock_modified_date":false,"_joinchat":[],"footnotes":""},"class_list":["post-18814","page","type-page","status-publish","has-post-thumbnail"],"_links":{"self":[{"href":"https:\/\/adeoliva.com\/fr\/wp-json\/wp\/v2\/pages\/18814","targetHints":{"allow":["GET"]}}],"collection":[{"href":"https:\/\/adeoliva.com\/fr\/wp-json\/wp\/v2\/pages"}],"about":[{"href":"https:\/\/adeoliva.com\/fr\/wp-json\/wp\/v2\/types\/page"}],"author":[{"embeddable":true,"href":"https:\/\/adeoliva.com\/fr\/wp-json\/wp\/v2\/users\/1"}],"replies":[{"embeddable":true,"href":"https:\/\/adeoliva.com\/fr\/wp-json\/wp\/v2\/comments?post=18814"}],"version-history":[{"count":0,"href":"https:\/\/adeoliva.com\/fr\/wp-json\/wp\/v2\/pages\/18814\/revisions"}],"up":[{"embeddable":true,"href":"https:\/\/adeoliva.com\/fr\/wp-json\/wp\/v2\/pages\/18764"}],"wp:featuredmedia":[{"embeddable":true,"href":"https:\/\/adeoliva.com\/fr\/wp-json\/wp\/v2\/media\/17712"}],"wp:attachment":[{"href":"https:\/\/adeoliva.com\/fr\/wp-json\/wp\/v2\/media?parent=18814"}],"curies":[{"name":"wp","href":"https:\/\/api.w.org\/{rel}","templated":true}]}}